{"id":64729,"date":"2025-10-02T08:46:11","date_gmt":"2025-10-02T06:46:11","guid":{"rendered":"https:\/\/xxl.geek-tonic.dev\/mobilheimvermietung-val-de-loire\/"},"modified":"2025-11-07T10:55:36","modified_gmt":"2025-11-07T09:55:36","slug":"mobilheimvermietung-val-de-loire","status":"publish","type":"page","link":"https:\/\/xxl.geek-tonic.dev\/de\/mobilheimvermietung-val-de-loire\/","title":{"rendered":"Val de Loire"},"content":{"rendered":"\n<section class=\"wp-block-group alignfull gt_1-cta-3-photos_001 page-one is-layout-flow wp-block-group-is-layout-flow\" style=\"padding-top:var(--wp--preset--spacing--50);padding-right:98px;padding-bottom:115px;padding-left:98px\">\n<div class=\"wp-block-columns colonne-anim is-layout-flex wp-container-core-columns-is-layout-65e523f9 wp-block-columns-is-layout-flex\">\n<div class=\"wp-block-column gt-show-mobile is-layout-flow wp-block-column-is-layout-flow\" style=\"flex-basis:32.5%\">\n<figure class=\"wp-block-image size-full has-custom-border gt-show-mobile animated fadeIn\"><img decoding=\"async\" width=\"639\" height=\"395\" src=\"https:\/\/xxl.geek-tonic.dev\/wp-content\/uploads\/2025\/10\/camping-val-de-loire.jpg\" alt=\"campingplatz Val de Loire\" class=\"wp-image-50915\" style=\"border-top-right-radius:70px;border-bottom-left-radius:70px\" title=\"img-1\" srcset=\"https:\/\/xxl.geek-tonic.dev\/wp-content\/uploads\/2025\/10\/camping-val-de-loire.jpg 639w, https:\/\/xxl.geek-tonic.dev\/wp-content\/uploads\/2025\/10\/camping-val-de-loire-300x185.jpg 300w\" sizes=\"(max-width: 639px) 100vw, 639px\" \/><\/figure>\n\n\n\n<div class=\"wp-block-group vignette animated fadeIn faster delay-200ms has-custom-color-3-background-color has-background is-vertical is-content-justification-center is-layout-flex wp-container-core-group-is-layout-4fe3b13b wp-block-group-is-layout-flex\" style=\"border-radius:100%\">\n<figure class=\"wp-block-image aligncenter size-full\" style=\"margin-top:0rem\"><img decoding=\"async\" width=\"53\" height=\"66\" src=\"https:\/\/xxl.geek-tonic.dev\/wp-content\/uploads\/2025\/10\/pin-1.svg\" alt=\"Kiefer 1\" class=\"wp-image-14671\"\/><\/figure>\n\n\n\n<p class=\"has-text-align-center has-base-2-color has-text-color has-link-color has-blue-hands-font-family wp-elements-ea6186065c37bfb22581be75a37febf0\" style=\"font-size:clamp(20.515px, 1.282rem + ((1vw - 3.2px) * 1.015), 33px);font-style:normal;font-weight:700;text-transform:uppercase\">Val de Loire<\/p>\n<\/div>\n\n\n\n<div class=\"wp-block-group is-layout-flow wp-block-group-is-layout-flow\">\n<h1 class=\"wp-block-heading\" style=\"margin-top:var(--wp--preset--spacing--30)\">Unsere Aufenthalte in einem Mobil-home XXL im Val de Loire<\/h1>\n\n\n\n<p>Das Val de Loire ist ein<strong>geschichtstr\u00e4chtiges <\/strong>Land mit einem reichen <strong>Erbe<\/strong>, das einst von den franz\u00f6sischen K\u00f6nigen gesch\u00e4tzt wurde, und bietet Ihnen einen<strong> Urlaub mit Charme<\/strong>. Entdecken Sie die <strong>Schl\u00f6sser der Loire<\/strong>, von den <strong>mittelalterlichen Festungen<\/strong> bis zu den <strong>Renaissance-Schl\u00f6ssern<\/strong>, genie\u00dfen Sie die <strong>gastronomischen Spezialit\u00e4ten<\/strong>, schlendern Sie am Flussufer entlang&#8230; <\/p>\n\n\n\n<p>Val de Loire bedeutet Schl\u00f6sser der Loire und Loire-Weine. Vom Campingplatz aus gibt es zahlreiche Routen, auf denen Sie diese Wunder entdecken k\u00f6nnen, wie <strong>Chambord<\/strong>, <strong>Chenonceau<\/strong>, <strong>Orl\u00e9ans<\/strong>, <strong>Blois<\/strong>, <strong>Amboise<\/strong>, <strong>Azay-le-Rideau<\/strong>, <strong>Tours<\/strong>. Entdecken Sie auch <strong> <\/strong>die <strong>Traditionen <\/strong>der Region, ohne die Loire zu vergessen: der <strong>gr\u00f6\u00dfte<\/strong> und <strong>wildeste <\/strong> <strong>Fluss <\/strong>Frankreichs.<\/p>\n\n\n\n    <div id=\"gt-fse-lire-plus-1\"\n         class=\"gt-fse-lire-plus\"\n         data-min-height=\"130\"\n         style=\"background-color: #ffffff;\">\n\n        <input id=\"gt-fse-lire-plus-1-toggle\"\n               type=\"checkbox\"\n               class=\"gt-fse-lire-plus__toggle\" \/>\n\n        <label for=\"gt-fse-lire-plus-1-toggle\"\n               class=\"gt-fse-lire-plus__toggle-label\">\n            <span>Lire plus<\/span>\n            <span>Lire moins<\/span>\n        <\/label>\n\n        <div class=\"gt-fse-lire-plus__content\"\n             style=\"height: 130px;\">\n\n            \n\n<p>Der Campingplatz Les Bois du Bardelet liegt in einer <strong>wundersch\u00f6nen<\/strong>, 18 Hektar gro\u00dfen <strong>, bewaldeten Umgebung<\/strong>. Hier k\u00f6nnen Sie in<strong> die Natur eintauchen<\/strong> und die Neugierigsten finden ihr Gl\u00fcck in den vielen Aktivit\u00e4ten, die f\u00fcr Gro\u00df und Klein angeboten werden. Eine Qualit\u00e4tsgarantie f\u00fcr einen <strong>au\u00dfergew\u00f6hnlichen Urlaub<\/strong> im Herzen der Region. <strong> <\/strong>Val de Loire, nur 2 Stunden von Paris entfernt.F\u00fcr einen Ausflug mit der Familie oder Freunden, <a href=\"https:\/\/xxl.geek-tonic.dev\/de\/\" data-type=\"page\" data-id=\"7\">mieten Sie ein gro\u00dfes mobilheim<\/a> im Val de Loire, f\u00fcr bis zu 10 Personen, inmitten einer au\u00dfergew\u00f6hnlichen Umgebung.<\/p>\n\n\n            <div class=\"gt-fse-lire-plus__gradient\"\n                 style=\"background: linear-gradient(to bottom, rgba(255,255,255,0) 0%, rgba(255,255,255,1) 100%);\"><\/div>\n        <\/div>\n\n    <\/div>\n\n    <\/div>\n<\/div>\n\n\n\n<div class=\"wp-block-column colonne-mid gt-show-mobile is-layout-flow wp-block-column-is-layout-flow\" style=\"padding-top:0;flex-basis:35%\">\n<figure class=\"wp-block-image size-full has-custom-border img-center animated fadeIn delay-100ms\"><img decoding=\"async\" width=\"688\" height=\"1169\" src=\"https:\/\/xxl.geek-tonic.dev\/wp-content\/uploads\/2025\/10\/location-mobil-home-val-de-loire.jpg\" alt=\"vermietung mobilheim Val de Loire\" class=\"wp-image-50919\" style=\"border-top-left-radius:70px;border-bottom-right-radius:70px\" srcset=\"https:\/\/xxl.geek-tonic.dev\/wp-content\/uploads\/2025\/10\/location-mobil-home-val-de-loire.jpg 688w, https:\/\/xxl.geek-tonic.dev\/wp-content\/uploads\/2025\/10\/location-mobil-home-val-de-loire-177x300.jpg 177w, https:\/\/xxl.geek-tonic.dev\/wp-content\/uploads\/2025\/10\/location-mobil-home-val-de-loire-603x1024.jpg 603w\" sizes=\"(max-width: 688px) 100vw, 688px\" \/><\/figure>\n<\/div>\n\n\n\n<div class=\"wp-block-column is-vertically-aligned-bottom is-layout-flow wp-block-column-is-layout-flow\" style=\"flex-basis:32.5%\">\n<div class=\"wp-block-group title-h1 gt-show-mobile is-layout-flow wp-block-group-is-layout-flow\" style=\"padding-top:var(--wp--preset--spacing--30);padding-bottom:var(--wp--preset--spacing--30);padding-left:0px\">\n<div class=\"wp-block-group full-width h1-like is-horizontal is-content-justification-left is-nowrap is-layout-flex wp-container-core-group-is-layout-cf350f78 wp-block-group-is-layout-flex\" style=\"border-radius:0px;margin-top:0px;margin-right:0px;margin-bottom:0px;margin-left:0px;padding-top:var(--wp--preset--spacing--10);padding-right:0px;padding-bottom:0;padding-left:0px\">\n<p class=\"wp-block-heading full-width has-bricolage-grotesque-font-family has-custom-color-2-color has-text-color has-nura-font-family\" style=\"margin-top:0px;margin-right:0px;margin-bottom:0px;margin-left:0px;font-size:clamp(42.485px, 2.655rem + ((1vw - 3.2px) * 3.131), 81px);font-style:normal;font-weight:400;line-height:0.9\">Mobil-home XXL <br\/><strong>Zentrum <\/strong><span>Val de Loire<\/span><\/p>\n\n\n\n<figure class=\"wp-block-image size-large\"><img decoding=\"async\" width=\"151\" height=\"139\" src=\"https:\/\/xxl.geek-tonic.dev\/wp-content\/uploads\/2025\/10\/Soleil.svg\" alt=\"Sonne\" class=\"wp-image-293\"\/><\/figure>\n<\/div>\n<\/div>\n\n\n\n<figure class=\"wp-block-image size-full has-custom-border img-center animated fadeIn delay-100ms\"><img decoding=\"async\" width=\"580\" height=\"580\" src=\"https:\/\/xxl.geek-tonic.dev\/wp-content\/uploads\/2025\/10\/location-xxl-val-de-loire.jpg\" alt=\"vermietung xxl val de loire\" class=\"wp-image-50927\" style=\"border-top-left-radius:70px;border-bottom-right-radius:70px\" srcset=\"https:\/\/xxl.geek-tonic.dev\/wp-content\/uploads\/2025\/10\/location-xxl-val-de-loire.jpg 580w, https:\/\/xxl.geek-tonic.dev\/wp-content\/uploads\/2025\/10\/location-xxl-val-de-loire-300x300.jpg 300w, https:\/\/xxl.geek-tonic.dev\/wp-content\/uploads\/2025\/10\/location-xxl-val-de-loire-150x150.jpg 150w\" sizes=\"(max-width: 580px) 100vw, 580px\" \/><\/figure>\n<\/div>\n<\/div>\n<\/section>\n\n<section class=\"wp-block-group alignfull gt_2-cta_004 page-region has-background is-layout-flow wp-container-core-group-is-layout-10dbb6fc wp-block-group-is-layout-flow\" style=\"border-top-left-radius:70px;border-top-right-radius:0px;border-bottom-left-radius:0px;border-bottom-right-radius:70px;background-color:rgba(220,232,240,1);margin-top:0px;margin-right:0px;margin-bottom:0px;margin-left:0px;padding-top:12rem;padding-right:var(--wp--preset--spacing--30);padding-bottom:var(--wp--preset--spacing--40);padding-left:var(--wp--preset--spacing--30)\">\n<div class=\"wp-block-columns alignwide is-layout-flex wp-container-core-columns-is-layout-1c4a0f71 wp-block-columns-is-layout-flex\" style=\"border-radius:0px;margin-top:0px;margin-bottom:3rem;padding-top:0px;padding-right:var(--wp--preset--spacing--30);padding-bottom:0px;padding-left:var(--wp--preset--spacing--30)\">\n<div class=\"wp-block-column is-vertically-aligned-center left is-layout-flow wp-block-column-is-layout-flow\" style=\"flex-basis:35%\">\n<div class=\"gt-ws-ctv-campings-block wp-block-query alignwide is-layout-flow wp-block-query-is-layout-flow\" data-namespace=\"gt-ws-ctv-campings\" data-has-regions=\"true\"><ul class=\"wp-block-post-template is-layout-flow wp-block-post-template-is-layout-flow\"><li class=\"wp-block-post post-62665 camping type-camping status-publish has-post-thumbnail hentry tag-etangs-de-peche camping_filter-animationen-juli-august camping_filter-hinterland camping_filter-kinderclub camping_filter-natur-und-entspannung camping_filter-restauration camping_filter-swimmingpool camping_filter-uberdachter-swimmingpool camping_filter-wasserrutschen camping_filter-wellnessbereich\">\n\n<div class=\"wp-block-gt-gt-ws-ctv-camping-images\"    data-wp-interactive=\"gt\/ctv\/camping\/image\"\n    data-wp-context='{\"images\":[\"https:\\\/\\\/static.secureholiday.net\\\/static\\\/Pictures\\\/17868\\\/00001078636.jpg\",\"https:\\\/\\\/static.secureholiday.net\\\/static\\\/Pictures\\\/17868\\\/00001078627.jpg\",\"https:\\\/\\\/static.secureholiday.net\\\/static\\\/Pictures\\\/17868\\\/00001078631.jpg\",\"https:\\\/\\\/static.secureholiday.net\\\/static\\\/Pictures\\\/17868\\\/00001078632.jpg\",\"https:\\\/\\\/static.secureholiday.net\\\/static\\\/Pictures\\\/17868\\\/00001339400.jpg\",\"https:\\\/\\\/static.secureholiday.net\\\/static\\\/Pictures\\\/17868\\\/00001340124.png\",\"https:\\\/\\\/static.secureholiday.net\\\/static\\\/Pictures\\\/17868\\\/00001339394.jpg\",\"https:\\\/\\\/static.secureholiday.net\\\/static\\\/Pictures\\\/17868\\\/00001339395.jpg\",\"https:\\\/\\\/static.secureholiday.net\\\/static\\\/Pictures\\\/17868\\\/00001339396.jpg\",\"https:\\\/\\\/static.secureholiday.net\\\/static\\\/Pictures\\\/17868\\\/00001339401.jpg\",\"https:\\\/\\\/static.secureholiday.net\\\/static\\\/Pictures\\\/17868\\\/00001340040.png\",\"https:\\\/\\\/static.secureholiday.net\\\/static\\\/Pictures\\\/17868\\\/00001340042.png\",\"https:\\\/\\\/static.secureholiday.net\\\/static\\\/Pictures\\\/17868\\\/00001340043.png\",\"https:\\\/\\\/static.secureholiday.net\\\/static\\\/Pictures\\\/17868\\\/00001339399.jpg\",\"https:\\\/\\\/static.secureholiday.net\\\/static\\\/Pictures\\\/17868\\\/00001339404.jpg\",\"https:\\\/\\\/static.secureholiday.net\\\/static\\\/Pictures\\\/17868\\\/00001340044.png\"],\"ratio\":\"4\\\/3\",\"jsonConfig\":null,\"isSlider\":false}'        style=\"aspect-ratio: 4\/3\"\n    >\n\n            \n                                <figure class=\"wp-block-image \" data-image-index=\"0\">\n\n                \n                    <img\n                        src=\"https:\/\/static.secureholiday.net\/static\/Pictures\/17868\/00001078636.jpg\"\n                        width=\"1920\"\n                        height=\"1280\"\n                        alt=\"Bild 1 auf 1\"\n                        loading=\"lazy\"\n                        decoding=\"async\"\n                        data-no-lazy=\"1\"\n                        data-skip-lazy=\"1\"\n                        class=\"skip-lazy\"\n                        data-wp-run=\"actions.setImages\"\n                        >\n            <\/figure>\n                    \n            \n            <button\n            class=\"gt-ws-ctv-camera-icon\"\n            data-wp-on--click=\"actions.openLightbox\"\n            aria-label=\"Bild 1 auf 16 f\u00fcr Mobil Home XXL \u2013 Les Bois du Bardelet \u00f6ffnen\">\n                            <span class=\"dashicons dashicons-camera\"><\/span>\n            \n            16        <\/button>\n    <\/div>\n<div class=\"wp-block-group upper-infos is-content-justification-space-between is-nowrap is-layout-flex wp-container-core-group-is-layout-ddf478d9 wp-block-group-is-layout-flex\" style=\"padding-top:var(--wp--preset--spacing--10);padding-right:0.7rem;padding-bottom:0.5rem;padding-left:0.7rem\">\n<div class=\"wp-block-group camp-town is-nowrap is-layout-flex wp-container-core-group-is-layout-96879c38 wp-block-group-is-layout-flex\">\n<figure class=\"wp-block-image size-full\"><img decoding=\"async\" width=\"20\" height=\"20\" src=\"https:\/\/xxl.geek-tonic.dev\/wp-content\/uploads\/2025\/10\/Frame-1000005898.svg\" alt=\"Stadt\" class=\"wp-image-7163\"\/><\/figure>\n\n\n\n<div style=\"font-size:14px;\" class=\"wp-block-gt-gt-ws-ctv-camping-adresse has-poppins-font-family\">\n    Poilly-Lez-Gien<\/div>\n<\/div>\n\n\n\n<div style=\"font-size:clamp(0.875rem, 0.875rem + ((1vw - 0.2rem) * 0.423), 1.2rem);\" class=\"wp-elements-df631709f41e3f93ce65645dbaae1be0 wp-block-gt-gt-ws-ctv-camping-etoiles has-text-color has-accent-3-color\">\n   <span>\u2605<\/span><span>\u2605<\/span><span>\u2605<\/span><span>\u2605<\/span><span>\u2605<\/span><\/div>\n<\/div>\n\n<div class=\"wp-block-group is-layout-flow wp-block-group-is-layout-flow\" style=\"border-top-color:#1212123d;border-top-width:1px;padding-top:0.75rem;padding-right:1.5rem;padding-bottom:1.5rem;padding-left:1.5rem\">\n<p style=\"font-size:clamp(14px, 0.875rem + ((1vw - 3.2px) * 0.407), 19px);line-height:1;\" class=\"wp-elements-40df9d6230c6cff2bf505d2fd919607e wp-block-gt-gt-ws-ctv-camping-name has-text-color has-custom-color-2-color has-nura-font-family\">\n    Mobil Home XXL \u2013 Les Bois du Bardelet <\/p>\n\n\n<div class=\"wp-block-gt-gt-ws-ctv-camping-labels\"><span class=\"label-item tag-etangs-de-peche\">Angelteiche<\/span> <\/div>\n\n    <div\n        style=\"margin-top:15px;\" class=\"wp-block-gt-gt-ws-ctv-disponibilites\"        data-wp-interactive=\"gt\/ctv\"\n        data-wp-init=\"actions.loadStays\"\n        data-wp-key=\"17868\"\n        data-wp-bind--data-gt-statut=\"state.statut\"\n        data-wp-context='{\"isCamping\":true,\"idProduct\":\"\",\"campingKey\":\"17868\",\"disponibilites\":[],\"mainStay\":[],\"isIndisponible\":true,\"currentLang\":\"de\"}'    >\n\n                    <div hidden class=\"gt-ws-ctv-spinner\" data-wp-bind--hidden=\"!state.isLoading\">\n                <span class=\"loader\"><\/span>\n            <\/div>\n        \n        <div data-wp-bind--hidden=\"state.isLoading\" class=\"gt-ws-ctv-disponibilite-wrap\">\n\n                            <div class=\"gt-ws-ctv-statut\" data-wp-text=\"state.titre\"><\/div>\n                        \n                            <div hidden class=\"gt-ws-ctv__disponibilite__price\" data-wp-bind--hidden=\"!state.mainStay.productPrice\">\n                    <span>Ab <\/span>\n                    <span hidden class=\"gt-ws-ctv__disponibilite__price__original\" data-wp-bind--hidden=\"!state.mainStay.productSpecialOffer\">\n                        <strike><span data-wp-text=\"state.gtPriceOriginal\"><\/span>\u20ac<\/strike>\n                    <\/span>\n                    <span class=\"gt-ws-ctv__disponibilite__price__discounted\">\n                        <span data-wp-bind--data-gt-price=\"state.gtPriceDiscounted\" class=\"gt-ws-ctv-data-price\" data-wp-text=\"state.gtPriceDiscounted\"><\/span>\u20ac\n                    <\/span>\n                <\/div>\n            \n            \n                    <\/div>\n    <\/div>\n    <\/div>\n<a class=\"is-style-lien-cover wp-block-read-more\" href=\"https:\/\/xxl.geek-tonic.dev\/de\/campingplatz\/camping-bois-bardelet\/#location\" target=\"_self\">Weiterlesen<span class=\"screen-reader-text\">: Mobil Home XXL \u2013 Les Bois du Bardelet<\/span><\/a>\n<\/li><\/ul><\/div>\n<\/div>\n\n\n\n<div class=\"wp-block-column is-vertically-aligned-center right is-layout-flow wp-block-column-is-layout-flow\" style=\"flex-basis:60%\">\n<div class=\"wp-block-group is-layout-flow wp-block-group-is-layout-flow\" style=\"margin-top:0px;margin-bottom:var(--wp--preset--spacing--30)\"><\/div>\n\n\n\n<div class=\"wp-block-group group-content is-layout-flow wp-block-group-is-layout-flow\" style=\"margin-top:0px;margin-right:0px;margin-bottom:0px;margin-left:0px\">\n<h2 class=\"wp-block-heading\" style=\"margin-bottom:var(--wp--preset--spacing--20)\"><mark style=\"background-color:rgba(0, 0, 0, 0);color:rgba(3,105,178,1)\" class=\"has-inline-color\"><mark class=\"has-inline-color\">Mieten Sie ein Mobil-home XXL im Val de Loire.<\/mark><\/mark><\/h2>\n\n\n\n<p class=\"has-text-align-left full-width has-text-color has-poppins-font-family\" style=\"color:rgba(0,0,0,1);margin-top:0px;margin-right:0px;margin-bottom:0px;margin-left:0px;padding-right:var(--wp--preset--spacing--10);font-size:clamp(14px, 0.875rem + ((1vw - 3.2px) * 0.244), 17px);font-style:normal;font-weight:300;line-height:1.8\">Die <strong>Loire <\/strong>und ihre <strong>Schl\u00f6sser<\/strong>, die <strong>historischen St\u00e4dte von Orl\u00e9ans<\/strong> \u00fcber <strong>Amboise<\/strong>, <strong>Chinon<\/strong>, <strong>Saumur<\/strong> <strong>bis Angers<\/strong>, die <strong>Loireweine<\/strong>, die <strong>au\u00dfergew\u00f6hnlichen Naturlandschaften<\/strong>&#8230;.  <\/p>\n\n\n\n<p class=\"has-text-align-left full-width has-text-color has-poppins-font-family\" style=\"color:rgba(0,0,0,1);margin-top:0px;margin-right:0px;margin-bottom:0px;margin-left:0px;padding-right:var(--wp--preset--spacing--10);font-size:clamp(14px, 0.875rem + ((1vw - 3.2px) * 0.244), 17px);font-style:normal;font-weight:300;line-height:1.8\">Das Val de Loire verl\u00e4uft durch zwei Regionen: <strong>Centre-Val-de-Loire<\/strong> und <strong>Pays de la<\/strong> Loire. Es verteilt sich auf vier Departements: <strong>Loiret<\/strong>, <strong>Loir-et-Cher<\/strong>,<strong>Indre-et-Loire <\/strong>und <strong>Maine-et-Loire<\/strong>.   <\/p>\n\n\n\n<p class=\"has-text-align-left full-width has-text-color has-poppins-font-family\" style=\"color:rgba(0,0,0,1);margin-top:0px;margin-right:0px;margin-bottom:0px;margin-left:0px;padding-right:var(--wp--preset--spacing--10);font-size:clamp(14px, 0.875rem + ((1vw - 3.2px) * 0.244), 17px);font-style:normal;font-weight:300;line-height:1.8\">Das Val de Loire, das durch jahrhundertelange Interferenzen zwischen der Loire und dem bew\u00e4sserten Land geformt wurde, wurde in die Liste des<strong> UNESCO-Weltkulturerbes<\/strong> aufgenommen, weil es so au\u00dfergew\u00f6hnlich ist.<\/p>\n<\/div>\n<\/div>\n<\/div>\n<\/section>\n\n<section class=\"wp-block-group gt_1-cta-1photo_001 is-layout-flow wp-block-group-is-layout-flow\" style=\"border-top-right-radius:70px;margin-top:var(--wp--preset--spacing--30);margin-bottom:0\">\n<div class=\"wp-block-columns alignwide is-layout-flex wp-container-core-columns-is-layout-d75096d6 wp-block-columns-is-layout-flex\" style=\"border-top-left-radius:0px;border-top-right-radius:70px;border-bottom-left-radius:0px;border-bottom-right-radius:0px;margin-top:0px;margin-right:0px;margin-bottom:0px;margin-left:0px;padding-top:8rem;padding-right:0px;padding-bottom:8rem;padding-left:0px\">\n<div class=\"wp-block-column is-vertically-aligned-start is-layout-flow wp-block-column-is-layout-flow\" style=\"flex-basis:55%\">\n<figure class=\"wp-block-image size-full blob-image\" style=\"margin-top:0px;margin-right:0px;margin-bottom:0px;margin-left:0px\"><img decoding=\"async\" width=\"1057\" height=\"1269\" src=\"https:\/\/xxl.geek-tonic.dev\/wp-content\/uploads\/2025\/10\/visite-val-de-loire.jpg\" alt=\"besuch Val de Loire\" class=\"wp-image-50931\" srcset=\"https:\/\/xxl.geek-tonic.dev\/wp-content\/uploads\/2025\/10\/visite-val-de-loire.jpg 1057w, https:\/\/xxl.geek-tonic.dev\/wp-content\/uploads\/2025\/10\/visite-val-de-loire-250x300.jpg 250w, https:\/\/xxl.geek-tonic.dev\/wp-content\/uploads\/2025\/10\/visite-val-de-loire-853x1024.jpg 853w, https:\/\/xxl.geek-tonic.dev\/wp-content\/uploads\/2025\/10\/visite-val-de-loire-768x922.jpg 768w\" sizes=\"(max-width: 1057px) 100vw, 1057px\" \/><\/figure>\n<\/div>\n\n\n\n<div class=\"wp-block-column is-vertically-aligned-start is-layout-flow wp-block-column-is-layout-flow\" style=\"flex-basis:45%\">\n<div class=\"wp-block-group alignfull full-width is-vertical is-content-justification-left is-nowrap is-layout-flex wp-container-core-group-is-layout-ad112180 wp-block-group-is-layout-flex\" style=\"border-radius:0px;margin-top:0px;margin-right:0px;margin-bottom:0px;margin-left:0px;padding-top:0px;padding-right:0px;padding-bottom:0px;padding-left:0px\">\n<div class=\"wp-block-group full-width h1-like is-horizontal is-content-justification-left is-nowrap is-layout-flex wp-container-core-group-is-layout-cf350f78 wp-block-group-is-layout-flex\" style=\"border-radius:0px;margin-top:0px;margin-right:0px;margin-bottom:0px;margin-left:0px;padding-top:var(--wp--preset--spacing--10);padding-right:0px;padding-bottom:0;padding-left:0px\">\n<figure class=\"wp-block-image size-large\"><img decoding=\"async\" width=\"151\" height=\"139\" src=\"https:\/\/xxl.geek-tonic.dev\/wp-content\/uploads\/2025\/10\/Soleil.svg\" alt=\"Sonne\" class=\"wp-image-293\"\/><\/figure>\n\n\n\n<p class=\"wp-block-heading full-width has-bricolage-grotesque-font-family has-custom-color-2-color has-text-color has-nura-font-family\" style=\"margin-top:0px;margin-right:0px;margin-bottom:0px;margin-left:0px;font-size:clamp(42.485px, 2.655rem + ((1vw - 3.2px) * 3.131), 81px);font-style:normal;font-weight:400;line-height:0.9\">Die Schl\u00f6sser <span>der Loire<\/span><\/p>\n<\/div>\n\n\n\n<div class=\"wp-block-group group-content is-layout-flow wp-block-group-is-layout-flow\" style=\"margin-top:0px;margin-right:0px;margin-bottom:0px;margin-left:0px\">\n<h2 class=\"wp-block-heading\" style=\"margin-bottom:var(--wp--preset--spacing--20)\"><mark class=\"has-inline-color\"><mark>Vermietung Mobil-home XXL in der N\u00e4he der Loire-Schl\u00f6sser<\/mark><\/mark><\/h2>\n\n\n\n<p class=\"has-text-align-left has-text-color\" style=\"color:rgba(0,0,0,1);margin-top:0px;margin-right:0px;margin-bottom:0px;margin-left:0px;padding-right:var(--wp--preset--spacing--10);font-size:clamp(14px, 0.875rem + ((1vw - 3.2px) * 0.244), 17px);font-style:normal;font-weight:300;line-height:1.8\">Ber\u00fchmt f\u00fcr seine <strong>majest\u00e4tischen Schl\u00f6sser<\/strong> von <strong>Saumur<\/strong>, <strong>Angers <\/strong>, <strong>Sully-sur-Loire<\/strong>, <strong>Gien<\/strong>, <strong>Chambord<\/strong>, <strong>Chenonceau <\/strong>und <strong>Villandry<\/strong>, erstreckt sich das Val de Loire \u00fcber das gesamte Einzugsgebiet der Loire. Wenn Sie den Lauf des gr\u00f6\u00dften und wildesten Flusses Frankreichs hinunterfahren, werden Sie<strong> atemberaubende Landschaften<\/strong> entdecken.   <\/p>\n\n\n\n<p class=\"has-text-align-left has-text-color\" style=\"color:rgba(0,0,0,1);margin-top:0px;margin-right:0px;margin-bottom:0px;margin-left:0px;padding-right:var(--wp--preset--spacing--10);font-size:clamp(14px, 0.875rem + ((1vw - 3.2px) * 0.244), 17px);font-style:normal;font-weight:300;line-height:1.8\">Und vor allem sind alle so unterschiedlich wie die anderen! In der N\u00e4he der Quellen ist die Landschaft sehr gr\u00fcn und scheint sich an das Tal des Flusses zu schmiegen, der sie bis zum Atlantik in der N\u00e4he von Nantes bringt. <strong>Naturliebhaber,<\/strong><strong>Geschichtsfreunde<\/strong>, <strong>Wanderer <\/strong>und <strong>Entdecker<\/strong> kommen im Herzen des Val de Loire zwischen <strong>Gien <\/strong>und <strong>Romorantain<\/strong>, zwischen <strong>Blois <\/strong>und <strong>Cheverny<\/strong> auf ihre Kosten.    <\/p>\n\n\n\n<p class=\"has-text-align-left has-text-color\" style=\"color:rgba(0,0,0,1);margin-top:0px;margin-right:0px;margin-bottom:0px;margin-left:0px;padding-right:var(--wp--preset--spacing--10);font-size:clamp(14px, 0.875rem + ((1vw - 3.2px) * 0.244), 17px);font-style:normal;font-weight:300;line-height:1.8\">Hier sind Sie nur <strong>2 Stunden von Paris<\/strong> und <strong>3 Stunden von Nantes<\/strong> entfernt! Der Campingplatz mit Mobil-home XXL im Val de Loire ist der <strong>ideale Ausgangspunkt <\/strong>, um sich in der Natur zu entspannen und die Geschichte zu erkunden. <\/p>\n\n\n\n<p class=\"has-text-align-left has-text-color\" style=\"color:rgba(0,0,0,1);margin-top:0px;margin-right:0px;margin-bottom:0px;margin-left:0px;padding-right:var(--wp--preset--spacing--10);font-size:clamp(14px, 0.875rem + ((1vw - 3.2px) * 0.244), 17px);font-style:normal;font-weight:300;line-height:1.8\">Die <strong>Sologne <\/strong>ist eine <strong>wilde <\/strong>und <strong>geheimnisvolle<\/strong> Region, die jedem, der sich f\u00fcr sie interessiert, ihre unbekannten Reize offenbart. Es ist eine nat\u00fcrliche Region mit<g id=\"gid_3\">Teichen<\/g>, <g id=\"gid_4\">W\u00e4ldern<\/g> und <g id=\"gid_5\">vielen mittelalterlichen Schl\u00f6ssern<\/g>. Hier k\u00f6nnen Sie mit der Familie oder mit Freunden sch\u00f6ne Entdeckungen machen.  <\/p>\n<\/div>\n<\/div>\n<\/div>\n<\/div>\n<\/section>\n\n<section class=\"wp-block-group alignfull gt_2-cta_bottom has-custom-color-4-background-color has-background has-global-padding is-layout-constrained wp-container-core-group-is-layout-98a722e4 wp-block-group-is-layout-constrained\" style=\"border-radius:0px;margin-top:var(--wp--preset--spacing--30);margin-bottom:0px;padding-top:var(--wp--preset--spacing--60);padding-right:var(--wp--preset--spacing--30);padding-bottom:var(--wp--preset--spacing--60);padding-left:var(--wp--preset--spacing--30)\">\n<div class=\"wp-block-group has-global-padding is-layout-constrained wp-container-core-group-is-layout-11c1ca01 wp-block-group-is-layout-constrained\" style=\"padding-right:var(--wp--preset--spacing--50);padding-left:var(--wp--preset--spacing--50)\">\n<div class=\"wp-block-group full-width h1-like is-horizontal is-content-justification-left is-nowrap is-layout-flex wp-container-core-group-is-layout-c2d4feaf wp-block-group-is-layout-flex\" style=\"border-radius:0px;margin-top:0px;margin-right:0px;margin-bottom:0px;margin-left:0px;padding-top:var(--wp--preset--spacing--10);padding-right:var(--wp--preset--spacing--60);padding-bottom:0;padding-left:var(--wp--preset--spacing--60)\">\n<figure class=\"wp-block-image size-large\"><img decoding=\"async\" width=\"151\" height=\"139\" src=\"https:\/\/xxl.geek-tonic.dev\/wp-content\/uploads\/2025\/10\/Soleil.svg\" alt=\"Sonne\" class=\"wp-image-293\"\/><\/figure>\n\n\n\n<p class=\"wp-block-heading full-width has-bricolage-grotesque-font-family has-custom-color-2-color has-text-color has-nura-font-family\" style=\"margin-top:0px;margin-right:0px;margin-bottom:0px;margin-left:0px;font-size:clamp(42.485px, 2.655rem + ((1vw - 3.2px) * 3.131), 81px);font-style:normal;font-weight:400;line-height:0.9\">Unsere anderen <span>XXL-Reiseziele<\/span><\/p>\n<\/div>\n<\/div>\n\n\n\n<div data-swiper=\"{&quot;speed&quot;:400,&quot;spaceBetween&quot;:16,&quot;slidesPerView&quot;:5,&quot;createElements&quot;:true,&quot;loop&quot;:true,&quot;freemode&quot;:true,&quot;navigation&quot;:{&quot;nextEl&quot;:&quot;buttonNext&quot;,&quot;prevEl&quot;:&quot;buttonPrev&quot;},&quot;breakpoints&quot;:{&quot;0&quot;:{&quot;slidesPerView&quot;:1},&quot;600&quot;:{&quot;slidesPerView&quot;:2},&quot;1024&quot;:{&quot;slidesPerView&quot;:5}},&quot;pagination&quot;:false,&quot;autoplay&quot;:{&quot;delay&quot;:3000}}\" class=\"wp-block-group bottom gt-is-slider gt-is-slider-desktop has-global-padding is-layout-constrained wp-block-group-is-layout-constrained\" style=\"margin-top:var(--wp--preset--spacing--40)\"><a href=\"https:\/\/xxl.geek-tonic.dev\/de\/mobilheimvermietung-bretagne\/\"    class=\"cta-2 wp-block-tiptip-hyperlink-group-block\" >\n<div data-swiper=\"{&quot;speed&quot;:1000,&quot;autoplay&quot;:{&quot;delay&quot;:5000,&quot;disableOnInteraction&quot;:false},&quot;spaceBetween&quot;:0,&quot;slidesPerView&quot;:1,&quot;pagination&quot;:{&quot;el&quot;:&quot;.swiper-pagination&quot;,&quot;dynamicBullets&quot;:true,&quot;clickable&quot;:true,&quot;type&quot;:&quot;bullets&quot;},&quot;navigation&quot;:{&quot;nextEl&quot;:&quot;.swiper-button-next&quot;,&quot;prevEl&quot;:&quot;.swiper-button-prev&quot;},&quot;breakpoints&quot;:[{&quot;slidesPerView&quot;:1}]}\" class=\"wp-block-cover alignwide is-light has-custom-content-position is-position-top-center blob-image\" style=\"border-bottom-right-radius:90px\"><img decoding=\"async\" width=\"470\" height=\"765\" class=\"wp-block-cover__image-background wp-image-685 size-full\" alt=\"bretagne\" src=\"https:\/\/xxl.geek-tonic.dev\/wp-content\/uploads\/2025\/10\/bretagne.jpg\" data-object-fit=\"cover\" srcset=\"https:\/\/xxl.geek-tonic.dev\/wp-content\/uploads\/2025\/10\/bretagne.jpg 470w, https:\/\/xxl.geek-tonic.dev\/wp-content\/uploads\/2025\/10\/bretagne-184x300.jpg 184w\" sizes=\"(max-width: 470px) 100vw, 470px\" \/><span aria-hidden=\"true\" class=\"wp-block-cover__background has-background-dim-0 has-background-dim\" style=\"background-color:#899ba5\"><\/span><div class=\"wp-block-cover__inner-container is-layout-flow wp-block-cover-is-layout-flow\">\n<div class=\"wp-block-group cta-content has-background is-horizontal is-content-justification-center is-nowrap is-layout-flex wp-container-core-group-is-layout-e3116f5a wp-block-group-is-layout-flex\" style=\"border-radius:0px;background-color:#FFFFFF00;min-height:731px;margin-top:0px;margin-right:0px;margin-bottom:0px;margin-left:0px;padding-top:0px;padding-right:0px;padding-bottom:0px;padding-left:0\">\n<div class=\"wp-block-group has-global-padding is-content-justification-left is-layout-constrained wp-container-core-group-is-layout-9bc554a6 wp-block-group-is-layout-constrained\" style=\"margin-top:0px;margin-right:0px;margin-bottom:0px;margin-left:0px\">\n<p class=\"wp-block-heading has-gotham-rounded-font-family has-text-color has-nura-font-family\" style=\"color:rgba(255,255,255,1);margin-top:0px;margin-right:0px;margin-bottom:0px;margin-left:0px;font-size:clamp(23.043px, 1.44rem + ((1vw - 3.2px) * 1.216), 38px);font-style:normal;font-weight:600;letter-spacing:1px;line-height:1.0\">Bretagne<\/p>\n<\/div>\n<\/div>\n<\/div><\/div>\n<\/a>\n\n<a href=\"https:\/\/xxl.geek-tonic.dev\/de\/mobilheimvermietung-pays-loire\/\"    class=\"cta-2 wp-block-tiptip-hyperlink-group-block\" >\n<div data-swiper=\"{&quot;speed&quot;:1000,&quot;autoplay&quot;:{&quot;delay&quot;:5000,&quot;disableOnInteraction&quot;:false},&quot;spaceBetween&quot;:0,&quot;slidesPerView&quot;:1,&quot;pagination&quot;:{&quot;el&quot;:&quot;.swiper-pagination&quot;,&quot;dynamicBullets&quot;:true,&quot;clickable&quot;:true,&quot;type&quot;:&quot;bullets&quot;},&quot;navigation&quot;:{&quot;nextEl&quot;:&quot;.swiper-button-next&quot;,&quot;prevEl&quot;:&quot;.swiper-button-prev&quot;},&quot;breakpoints&quot;:[{&quot;slidesPerView&quot;:1}]}\" class=\"wp-block-cover alignwide is-light has-custom-content-position is-position-top-center blob-image\" style=\"border-bottom-right-radius:90px\"><img decoding=\"async\" width=\"470\" height=\"765\" class=\"wp-block-cover__image-background wp-image-694 size-full\" alt=\"pays de la loire\" src=\"https:\/\/xxl.geek-tonic.dev\/wp-content\/uploads\/2025\/10\/pays-de-la-loire.jpg\" data-object-fit=\"cover\" srcset=\"https:\/\/xxl.geek-tonic.dev\/wp-content\/uploads\/2025\/10\/pays-de-la-loire.jpg 470w, https:\/\/xxl.geek-tonic.dev\/wp-content\/uploads\/2025\/10\/pays-de-la-loire-184x300.jpg 184w\" sizes=\"(max-width: 470px) 100vw, 470px\" \/><span aria-hidden=\"true\" class=\"wp-block-cover__background has-background-dim-0 has-background-dim\" style=\"background-color:#8a999e\"><\/span><div class=\"wp-block-cover__inner-container is-layout-flow wp-block-cover-is-layout-flow\">\n<div class=\"wp-block-group cta-content has-background is-horizontal is-content-justification-center is-nowrap is-layout-flex wp-container-core-group-is-layout-e3116f5a wp-block-group-is-layout-flex\" style=\"border-radius:0px;background-color:#FFFFFF00;min-height:731px;margin-top:0px;margin-right:0px;margin-bottom:0px;margin-left:0px;padding-top:0px;padding-right:0px;padding-bottom:0px;padding-left:0\">\n<div class=\"wp-block-group has-global-padding is-content-justification-left is-layout-constrained wp-container-core-group-is-layout-9bc554a6 wp-block-group-is-layout-constrained\" style=\"margin-top:0px;margin-right:0px;margin-bottom:0px;margin-left:0px\">\n<p class=\"has-text-align-center wp-block-heading has-gotham-rounded-font-family has-text-color has-nura-font-family\" style=\"color:rgba(255,255,255,1);margin-top:0px;margin-right:0px;margin-bottom:0px;margin-left:0px;font-size:clamp(23.043px, 1.44rem + ((1vw - 3.2px) * 1.216), 38px);font-style:normal;font-weight:600;letter-spacing:1px;line-height:1.0\">Pays de la Loire<\/p>\n<\/div>\n<\/div>\n<\/div><\/div>\n<\/a>\n\n<a href=\"https:\/\/xxl.geek-tonic.dev\/de\/mobilheimvermietung-nouvelle-aquitaine\/\"    class=\"cta-2 wp-block-tiptip-hyperlink-group-block\" >\n<div data-swiper=\"{&quot;speed&quot;:1000,&quot;autoplay&quot;:{&quot;delay&quot;:5000,&quot;disableOnInteraction&quot;:false},&quot;spaceBetween&quot;:0,&quot;slidesPerView&quot;:1,&quot;pagination&quot;:{&quot;el&quot;:&quot;.swiper-pagination&quot;,&quot;dynamicBullets&quot;:true,&quot;clickable&quot;:true,&quot;type&quot;:&quot;bullets&quot;},&quot;navigation&quot;:{&quot;nextEl&quot;:&quot;.swiper-button-next&quot;,&quot;prevEl&quot;:&quot;.swiper-button-prev&quot;},&quot;breakpoints&quot;:[{&quot;slidesPerView&quot;:1}]}\" class=\"wp-block-cover alignwide is-light has-custom-content-position is-position-top-center blob-image\" style=\"border-bottom-right-radius:90px\"><img decoding=\"async\" width=\"550\" height=\"900\" class=\"wp-block-cover__image-background wp-image-50900 size-full\" alt=\"mobil home xxl nouvelle aquitaine\" src=\"https:\/\/xxl.geek-tonic.dev\/wp-content\/uploads\/2025\/10\/mobil-home-xxl-nouvelle-aquitaine.jpg\" data-object-fit=\"cover\" srcset=\"https:\/\/xxl.geek-tonic.dev\/wp-content\/uploads\/2025\/10\/mobil-home-xxl-nouvelle-aquitaine.jpg 550w, https:\/\/xxl.geek-tonic.dev\/wp-content\/uploads\/2025\/10\/mobil-home-xxl-nouvelle-aquitaine-183x300.jpg 183w\" sizes=\"(max-width: 550px) 100vw, 550px\" \/><span aria-hidden=\"true\" class=\"wp-block-cover__background has-background-dim-0 has-background-dim\" style=\"background-color:#9ea9b5\"><\/span><div class=\"wp-block-cover__inner-container is-layout-flow wp-block-cover-is-layout-flow\">\n<div class=\"wp-block-group cta-content has-background is-horizontal is-content-justification-center is-nowrap is-layout-flex wp-container-core-group-is-layout-e3116f5a wp-block-group-is-layout-flex\" style=\"border-radius:0px;background-color:#FFFFFF00;min-height:731px;margin-top:0px;margin-right:0px;margin-bottom:0px;margin-left:0px;padding-top:0px;padding-right:0px;padding-bottom:0px;padding-left:0\">\n<div class=\"wp-block-group has-global-padding is-content-justification-left is-layout-constrained wp-container-core-group-is-layout-9bc554a6 wp-block-group-is-layout-constrained\" style=\"margin-top:0px;margin-right:0px;margin-bottom:0px;margin-left:0px\">\n<p class=\"has-text-align-center wp-block-heading has-gotham-rounded-font-family has-text-color has-nura-font-family\" style=\"color:rgba(255,255,255,1);margin-top:0px;margin-right:0px;margin-bottom:0px;margin-left:0px;font-size:clamp(23.043px, 1.44rem + ((1vw - 3.2px) * 1.216), 38px);font-style:normal;font-weight:600;letter-spacing:1px;line-height:1.0\">Nouvelle-Aquitaine<\/p>\n<\/div>\n<\/div>\n<\/div><\/div>\n<\/a>\n\n<a href=\"https:\/\/xxl.geek-tonic.dev\/de\/mobilheimvermietung-occitanie\/\"    class=\"cta-2 wp-block-tiptip-hyperlink-group-block\" >\n<div data-swiper=\"{&quot;speed&quot;:1000,&quot;autoplay&quot;:{&quot;delay&quot;:5000,&quot;disableOnInteraction&quot;:false},&quot;spaceBetween&quot;:0,&quot;slidesPerView&quot;:1,&quot;pagination&quot;:{&quot;el&quot;:&quot;.swiper-pagination&quot;,&quot;dynamicBullets&quot;:true,&quot;clickable&quot;:true,&quot;type&quot;:&quot;bullets&quot;},&quot;navigation&quot;:{&quot;nextEl&quot;:&quot;.swiper-button-next&quot;,&quot;prevEl&quot;:&quot;.swiper-button-prev&quot;},&quot;breakpoints&quot;:[{&quot;slidesPerView&quot;:1}]}\" class=\"wp-block-cover alignwide is-light has-custom-content-position is-position-top-center blob-image\" style=\"border-bottom-right-radius:90px\"><img decoding=\"async\" width=\"470\" height=\"765\" class=\"wp-block-cover__image-background wp-image-706 size-full\" alt=\"occitanie\" src=\"https:\/\/xxl.geek-tonic.dev\/wp-content\/uploads\/2025\/10\/occitanie.jpg\" data-object-fit=\"cover\" srcset=\"https:\/\/xxl.geek-tonic.dev\/wp-content\/uploads\/2025\/10\/occitanie.jpg 470w, https:\/\/xxl.geek-tonic.dev\/wp-content\/uploads\/2025\/10\/occitanie-184x300.jpg 184w\" sizes=\"(max-width: 470px) 100vw, 470px\" \/><span aria-hidden=\"true\" class=\"wp-block-cover__background has-background-dim-0 has-background-dim\" style=\"background-color:#808187\"><\/span><div class=\"wp-block-cover__inner-container is-layout-flow wp-block-cover-is-layout-flow\">\n<div class=\"wp-block-group cta-content has-background is-horizontal is-content-justification-center is-nowrap is-layout-flex wp-container-core-group-is-layout-e3116f5a wp-block-group-is-layout-flex\" style=\"border-radius:0px;background-color:#FFFFFF00;min-height:731px;margin-top:0px;margin-right:0px;margin-bottom:0px;margin-left:0px;padding-top:0px;padding-right:0px;padding-bottom:0px;padding-left:0\">\n<div class=\"wp-block-group has-global-padding is-content-justification-left is-layout-constrained wp-container-core-group-is-layout-9bc554a6 wp-block-group-is-layout-constrained\" style=\"margin-top:0px;margin-right:0px;margin-bottom:0px;margin-left:0px\">\n<p class=\"has-text-align-center wp-block-heading has-gotham-rounded-font-family has-text-color has-nura-font-family\" style=\"color:rgba(255,255,255,1);margin-top:0px;margin-right:0px;margin-bottom:0px;margin-left:0px;font-size:clamp(23.043px, 1.44rem + ((1vw - 3.2px) * 1.216), 38px);font-style:normal;font-weight:600;letter-spacing:1px;line-height:1.0\">Occitanie<\/p>\n<\/div>\n<\/div>\n<\/div><\/div>\n<\/a>\n\n<a href=\"https:\/\/xxl.geek-tonic.dev\/de\/mobilheimvermietung-paca\/\"    class=\"cta-2 wp-block-tiptip-hyperlink-group-block\" >\n<div data-swiper=\"{&quot;speed&quot;:1000,&quot;autoplay&quot;:{&quot;delay&quot;:5000,&quot;disableOnInteraction&quot;:false},&quot;spaceBetween&quot;:0,&quot;slidesPerView&quot;:1,&quot;pagination&quot;:{&quot;el&quot;:&quot;.swiper-pagination&quot;,&quot;dynamicBullets&quot;:true,&quot;clickable&quot;:true,&quot;type&quot;:&quot;bullets&quot;},&quot;navigation&quot;:{&quot;nextEl&quot;:&quot;.swiper-button-next&quot;,&quot;prevEl&quot;:&quot;.swiper-button-prev&quot;},&quot;breakpoints&quot;:[{&quot;slidesPerView&quot;:1}]}\" class=\"wp-block-cover alignwide is-light has-custom-content-position is-position-top-center blob-image\" style=\"border-bottom-right-radius:90px\"><img decoding=\"async\" width=\"470\" height=\"765\" class=\"wp-block-cover__image-background wp-image-709 size-full\" alt=\"paca\" src=\"https:\/\/xxl.geek-tonic.dev\/wp-content\/uploads\/2025\/10\/paca.jpg\" data-object-fit=\"cover\" srcset=\"https:\/\/xxl.geek-tonic.dev\/wp-content\/uploads\/2025\/10\/paca.jpg 470w, https:\/\/xxl.geek-tonic.dev\/wp-content\/uploads\/2025\/10\/paca-184x300.jpg 184w\" sizes=\"(max-width: 470px) 100vw, 470px\" \/><span aria-hidden=\"true\" class=\"wp-block-cover__background has-background-dim-0 has-background-dim\" style=\"background-color:#8a8d99\"><\/span><div class=\"wp-block-cover__inner-container is-layout-flow wp-block-cover-is-layout-flow\">\n<div class=\"wp-block-group cta-content has-background is-horizontal is-content-justification-center is-nowrap is-layout-flex wp-container-core-group-is-layout-e3116f5a wp-block-group-is-layout-flex\" style=\"border-radius:0px;background-color:#FFFFFF00;min-height:731px;margin-top:0px;margin-right:0px;margin-bottom:0px;margin-left:0px;padding-top:0px;padding-right:0px;padding-bottom:0px;padding-left:0\">\n<div class=\"wp-block-group has-global-padding is-content-justification-left is-layout-constrained wp-container-core-group-is-layout-9bc554a6 wp-block-group-is-layout-constrained\" style=\"margin-top:0px;margin-right:0px;margin-bottom:0px;margin-left:0px\">\n<p class=\"has-text-align-center wp-block-heading has-gotham-rounded-font-family has-text-color has-nura-font-family\" style=\"color:rgba(255,255,255,1);margin-top:0px;margin-right:0px;margin-bottom:0px;margin-left:0px;font-size:clamp(23.043px, 1.44rem + ((1vw - 3.2px) * 1.216), 38px);font-style:normal;font-weight:600;letter-spacing:1px;line-height:1.0\">Provence-Alpes-C\u00f4te d&#8217;Azur<\/p>\n<\/div>\n<\/div>\n<\/div><\/div>\n<\/a>\n\n<a href=\"https:\/\/xxl.geek-tonic.dev\/de\/mobilheimvermietung-auvergne-rhone-alpes\/\"    class=\"cta-2 wp-block-tiptip-hyperlink-group-block\" >\n<div data-swiper=\"{&quot;speed&quot;:1000,&quot;autoplay&quot;:{&quot;delay&quot;:5000,&quot;disableOnInteraction&quot;:false},&quot;spaceBetween&quot;:0,&quot;slidesPerView&quot;:1,&quot;pagination&quot;:{&quot;el&quot;:&quot;.swiper-pagination&quot;,&quot;dynamicBullets&quot;:true,&quot;clickable&quot;:true,&quot;type&quot;:&quot;bullets&quot;},&quot;navigation&quot;:{&quot;nextEl&quot;:&quot;.swiper-button-next&quot;,&quot;prevEl&quot;:&quot;.swiper-button-prev&quot;},&quot;breakpoints&quot;:[{&quot;slidesPerView&quot;:1}]}\" class=\"wp-block-cover alignwide is-light has-custom-content-position is-position-top-center blob-image\" style=\"border-bottom-right-radius:90px\"><img decoding=\"async\" width=\"470\" height=\"765\" class=\"wp-block-cover__image-background wp-image-688 size-full\" alt=\"Auvergne Rh\u00f4ne Alpes\" src=\"https:\/\/xxl.geek-tonic.dev\/wp-content\/uploads\/2025\/10\/Auvergne-Rhone-Alpes.jpg\" data-object-fit=\"cover\" srcset=\"https:\/\/xxl.geek-tonic.dev\/wp-content\/uploads\/2025\/10\/Auvergne-Rhone-Alpes.jpg 470w, https:\/\/xxl.geek-tonic.dev\/wp-content\/uploads\/2025\/10\/Auvergne-Rhone-Alpes-184x300.jpg 184w\" sizes=\"(max-width: 470px) 100vw, 470px\" \/><span aria-hidden=\"true\" class=\"wp-block-cover__background has-background-dim-0 has-background-dim\" style=\"background-color:#999b8c\"><\/span><div class=\"wp-block-cover__inner-container is-layout-flow wp-block-cover-is-layout-flow\">\n<div class=\"wp-block-group cta-content has-background is-horizontal is-content-justification-center is-nowrap is-layout-flex wp-container-core-group-is-layout-e3116f5a wp-block-group-is-layout-flex\" style=\"border-radius:0px;background-color:#FFFFFF00;min-height:731px;margin-top:0px;margin-right:0px;margin-bottom:0px;margin-left:0px;padding-top:0px;padding-right:0px;padding-bottom:0px;padding-left:0\">\n<div class=\"wp-block-group has-global-padding is-content-justification-left is-layout-constrained wp-container-core-group-is-layout-9bc554a6 wp-block-group-is-layout-constrained\" style=\"margin-top:0px;margin-right:0px;margin-bottom:0px;margin-left:0px\">\n<p class=\"has-text-align-center wp-block-heading has-gotham-rounded-font-family has-text-color has-nura-font-family\" style=\"color:rgba(255,255,255,1);margin-top:0px;margin-right:0px;margin-bottom:0px;margin-left:0px;font-size:clamp(23.043px, 1.44rem + ((1vw - 3.2px) * 1.216), 38px);font-style:normal;font-weight:600;letter-spacing:1px;line-height:1.0\">Auvergne-Rh\u00f4ne-Alpes<\/p>\n<\/div>\n<\/div>\n<\/div><\/div>\n<\/a>\n\n<a href=\"https:\/\/xxl.geek-tonic.dev\/de\/mobilheimvermietung-ile-de-france\/\"    class=\"cta-2 wp-block-tiptip-hyperlink-group-block\" >\n<div data-swiper=\"{&quot;speed&quot;:1000,&quot;autoplay&quot;:{&quot;delay&quot;:5000,&quot;disableOnInteraction&quot;:false},&quot;spaceBetween&quot;:0,&quot;slidesPerView&quot;:1,&quot;pagination&quot;:{&quot;el&quot;:&quot;.swiper-pagination&quot;,&quot;dynamicBullets&quot;:true,&quot;clickable&quot;:true,&quot;type&quot;:&quot;bullets&quot;},&quot;navigation&quot;:{&quot;nextEl&quot;:&quot;.swiper-button-next&quot;,&quot;prevEl&quot;:&quot;.swiper-button-prev&quot;},&quot;breakpoints&quot;:[{&quot;slidesPerView&quot;:1}]}\" class=\"wp-block-cover alignwide is-light has-custom-content-position is-position-top-center blob-image\" style=\"border-bottom-right-radius:90px\"><img decoding=\"async\" width=\"470\" height=\"765\" class=\"wp-block-cover__image-background wp-image-703 size-full\" alt=\"ile de france\" src=\"https:\/\/xxl.geek-tonic.dev\/wp-content\/uploads\/2025\/10\/ile-de-france.jpg\" data-object-fit=\"cover\" srcset=\"https:\/\/xxl.geek-tonic.dev\/wp-content\/uploads\/2025\/10\/ile-de-france.jpg 470w, https:\/\/xxl.geek-tonic.dev\/wp-content\/uploads\/2025\/10\/ile-de-france-184x300.jpg 184w\" sizes=\"(max-width: 470px) 100vw, 470px\" \/><span aria-hidden=\"true\" class=\"wp-block-cover__background has-background-dim-0 has-background-dim\" style=\"background-color:#a3988e\"><\/span><div class=\"wp-block-cover__inner-container is-layout-flow wp-block-cover-is-layout-flow\">\n<div class=\"wp-block-group cta-content has-background is-horizontal is-content-justification-center is-nowrap is-layout-flex wp-container-core-group-is-layout-e3116f5a wp-block-group-is-layout-flex\" style=\"border-radius:0px;background-color:#FFFFFF00;min-height:731px;margin-top:0px;margin-right:0px;margin-bottom:0px;margin-left:0px;padding-top:0px;padding-right:0px;padding-bottom:0px;padding-left:0\">\n<div class=\"wp-block-group has-global-padding is-content-justification-left is-layout-constrained wp-container-core-group-is-layout-9bc554a6 wp-block-group-is-layout-constrained\" style=\"margin-top:0px;margin-right:0px;margin-bottom:0px;margin-left:0px\">\n<p class=\"has-text-align-center wp-block-heading has-gotham-rounded-font-family has-text-color has-nura-font-family\" style=\"color:rgba(255,255,255,1);margin-top:0px;margin-right:0px;margin-bottom:0px;margin-left:0px;font-size:clamp(23.043px, 1.44rem + ((1vw - 3.2px) * 1.216), 38px);font-style:normal;font-weight:600;letter-spacing:1px;line-height:1.0\">\u00cele-de-France<\/p>\n<\/div>\n<\/div>\n<\/div><\/div>\n<\/a>\n\n<a href=\"https:\/\/xxl.geek-tonic.dev\/de\/mobilheimvermietung-grand-est-belgien\/\"    class=\"cta-2 wp-block-tiptip-hyperlink-group-block\" >\n<div data-swiper=\"{&quot;speed&quot;:1000,&quot;autoplay&quot;:{&quot;delay&quot;:5000,&quot;disableOnInteraction&quot;:false},&quot;spaceBetween&quot;:0,&quot;slidesPerView&quot;:1,&quot;pagination&quot;:{&quot;el&quot;:&quot;.swiper-pagination&quot;,&quot;dynamicBullets&quot;:true,&quot;clickable&quot;:true,&quot;type&quot;:&quot;bullets&quot;},&quot;navigation&quot;:{&quot;nextEl&quot;:&quot;.swiper-button-next&quot;,&quot;prevEl&quot;:&quot;.swiper-button-prev&quot;},&quot;breakpoints&quot;:[{&quot;slidesPerView&quot;:1}]}\" class=\"wp-block-cover alignwide is-light has-custom-content-position is-position-top-center blob-image\" style=\"border-bottom-right-radius:90px\"><img decoding=\"async\" width=\"470\" height=\"765\" class=\"wp-block-cover__image-background wp-image-700 size-full\" alt=\"Grand Est Belgique\" src=\"https:\/\/xxl.geek-tonic.dev\/wp-content\/uploads\/2025\/10\/Grand_Est-Belgique.jpg\" data-object-fit=\"cover\" srcset=\"https:\/\/xxl.geek-tonic.dev\/wp-content\/uploads\/2025\/10\/Grand_Est-Belgique.jpg 470w, https:\/\/xxl.geek-tonic.dev\/wp-content\/uploads\/2025\/10\/Grand_Est-Belgique-184x300.jpg 184w\" sizes=\"(max-width: 470px) 100vw, 470px\" \/><span aria-hidden=\"true\" class=\"wp-block-cover__background has-background-dim-0 has-background-dim\" style=\"background-color:#a39993\"><\/span><div class=\"wp-block-cover__inner-container is-layout-flow wp-block-cover-is-layout-flow\">\n<div class=\"wp-block-group cta-content has-background is-horizontal is-content-justification-center is-nowrap is-layout-flex wp-container-core-group-is-layout-e3116f5a wp-block-group-is-layout-flex\" style=\"border-radius:0px;background-color:#FFFFFF00;min-height:731px;margin-top:0px;margin-right:0px;margin-bottom:0px;margin-left:0px;padding-top:0px;padding-right:0px;padding-bottom:0px;padding-left:0\">\n<div class=\"wp-block-group has-global-padding is-content-justification-left is-layout-constrained wp-container-core-group-is-layout-9bc554a6 wp-block-group-is-layout-constrained\" style=\"margin-top:0px;margin-right:0px;margin-bottom:0px;margin-left:0px\">\n<p class=\"has-text-align-center wp-block-heading has-gotham-rounded-font-family has-text-color has-nura-font-family\" style=\"color:rgba(255,255,255,1);margin-top:0px;margin-right:0px;margin-bottom:0px;margin-left:0px;font-size:clamp(23.043px, 1.44rem + ((1vw - 3.2px) * 1.216), 38px);font-style:normal;font-weight:600;letter-spacing:1px;line-height:1.0\">Grand Est &amp; Belgien<\/p>\n<\/div>\n<\/div>\n<\/div><\/div>\n<\/a>\n\n<a href=\"https:\/\/xxl.geek-tonic.dev\/de\/mobilheimvermietung-hauts-de-france\/\"    class=\"cta-2 wp-block-tiptip-hyperlink-group-block\" >\n<div data-swiper=\"{&quot;speed&quot;:1000,&quot;autoplay&quot;:{&quot;delay&quot;:5000,&quot;disableOnInteraction&quot;:false},&quot;spaceBetween&quot;:0,&quot;slidesPerView&quot;:1,&quot;pagination&quot;:{&quot;el&quot;:&quot;.swiper-pagination&quot;,&quot;dynamicBullets&quot;:true,&quot;clickable&quot;:true,&quot;type&quot;:&quot;bullets&quot;},&quot;navigation&quot;:{&quot;nextEl&quot;:&quot;.swiper-button-next&quot;,&quot;prevEl&quot;:&quot;.swiper-button-prev&quot;},&quot;breakpoints&quot;:[{&quot;slidesPerView&quot;:1}]}\" class=\"wp-block-cover alignwide has-custom-content-position is-position-top-center blob-image\" style=\"border-bottom-right-radius:90px\"><img decoding=\"async\" width=\"470\" height=\"765\" class=\"wp-block-cover__image-background wp-image-717 size-full\" alt=\"Auvergne Rh\u00f4ne Alpes 1\" src=\"https:\/\/xxl.geek-tonic.dev\/wp-content\/uploads\/2025\/10\/lille-hauts-de-france.jpg\" data-object-fit=\"cover\" srcset=\"https:\/\/xxl.geek-tonic.dev\/wp-content\/uploads\/2025\/10\/lille-hauts-de-france.jpg 470w, https:\/\/xxl.geek-tonic.dev\/wp-content\/uploads\/2025\/10\/lille-hauts-de-france-184x300.jpg 184w\" sizes=\"(max-width: 470px) 100vw, 470px\" \/><span aria-hidden=\"true\" class=\"wp-block-cover__background has-background-dim-0 has-background-dim\" style=\"background-color:#6e8392\"><\/span><div class=\"wp-block-cover__inner-container is-layout-flow wp-block-cover-is-layout-flow\">\n<div class=\"wp-block-group cta-content has-background is-horizontal is-content-justification-center is-nowrap is-layout-flex wp-container-core-group-is-layout-e3116f5a wp-block-group-is-layout-flex\" style=\"border-radius:0px;background-color:#FFFFFF00;min-height:731px;margin-top:0px;margin-right:0px;margin-bottom:0px;margin-left:0px;padding-top:0px;padding-right:0px;padding-bottom:0px;padding-left:0\">\n<div class=\"wp-block-group has-global-padding is-content-justification-left is-layout-constrained wp-container-core-group-is-layout-9bc554a6 wp-block-group-is-layout-constrained\" style=\"margin-top:0px;margin-right:0px;margin-bottom:0px;margin-left:0px\">\n<p class=\"has-text-align-center wp-block-heading has-gotham-rounded-font-family has-text-color has-nura-font-family\" style=\"color:rgba(255,255,255,1);margin-top:0px;margin-right:0px;margin-bottom:0px;margin-left:0px;font-size:clamp(23.043px, 1.44rem + ((1vw - 3.2px) * 1.216), 38px);font-style:normal;font-weight:600;letter-spacing:1px;line-height:1.0\">Hauts de France<\/p>\n<\/div>\n<\/div>\n<\/div><\/div>\n<\/a><\/div>\n<\/section>\n","protected":false},"excerpt":{"rendered":"<p>Val de Loire Unsere Aufenthalte in einem Mobil-home XXL im Val de Loire Das Val de Loire ist eingeschichtstr\u00e4chtiges Land mit einem reichen Erbe, das einst von den franz\u00f6sischen K\u00f6nigen gesch\u00e4tzt wurde, und bietet Ihnen einen Urlaub mit Charme. Entdecken Sie die Schl\u00f6sser der Loire, von den mittelalterlichen Festungen bis zu den Renaissance-Schl\u00f6ssern, genie\u00dfen Sie [&hellip;]<\/p>\n","protected":false},"author":1,"featured_media":50926,"parent":0,"menu_order":0,"comment_status":"closed","ping_status":"closed","template":"","meta":{"_acf_changed":false,"_seopress_robots_primary_cat":"","_seopress_titles_title":"Mobilheim mieten 10 Personen Val de Loire | Mobilheim mieten XXL Val de Loire","_seopress_titles_desc":"Mieten Sie ein Mobil-home XXL im Val de Loire. Unterk\u00fcnfte f\u00fcr bis zu 10 Personen im Herzen der Loire-Schl\u00f6sser, zwischen Natur, Entspannung und Kulturerbe. ","_seopress_robots_index":"","inline_featured_image":false,"gt_fse_maillage_image":"https:\/\/xxl.geek-tonic.dev\/wp-content\/uploads\/2025\/10\/location-mobil-homme-xxl-val-de-loire.jpg","gt_fse_maillage_titre":"Zentrum Val de Loire","gt_fse_maillage_alt":"Brouillon auto","gt_fse_maillage_resume":"XXL-Urlaub  ","footnotes":""},"categories":[],"tags":[],"class_list":["post-64729","page","type-page","status-publish","has-post-thumbnail","hentry"],"acf":[],"_links":{"self":[{"href":"https:\/\/xxl.geek-tonic.dev\/de\/wp-json\/wp\/v2\/pages\/64729","targetHints":{"allow":["GET"]}}],"collection":[{"href":"https:\/\/xxl.geek-tonic.dev\/de\/wp-json\/wp\/v2\/pages"}],"about":[{"href":"https:\/\/xxl.geek-tonic.dev\/de\/wp-json\/wp\/v2\/types\/page"}],"author":[{"embeddable":true,"href":"https:\/\/xxl.geek-tonic.dev\/de\/wp-json\/wp\/v2\/users\/1"}],"replies":[{"embeddable":true,"href":"https:\/\/xxl.geek-tonic.dev\/de\/wp-json\/wp\/v2\/comments?post=64729"}],"version-history":[{"count":5,"href":"https:\/\/xxl.geek-tonic.dev\/de\/wp-json\/wp\/v2\/pages\/64729\/revisions"}],"predecessor-version":[{"id":67066,"href":"https:\/\/xxl.geek-tonic.dev\/de\/wp-json\/wp\/v2\/pages\/64729\/revisions\/67066"}],"wp:featuredmedia":[{"embeddable":true,"href":"https:\/\/xxl.geek-tonic.dev\/de\/wp-json\/wp\/v2\/media\/50926"}],"wp:attachment":[{"href":"https:\/\/xxl.geek-tonic.dev\/de\/wp-json\/wp\/v2\/media?parent=64729"}],"wp:term":[{"taxonomy":"category","embeddable":true,"href":"https:\/\/xxl.geek-tonic.dev\/de\/wp-json\/wp\/v2\/categories?post=64729"},{"taxonomy":"post_tag","embeddable":true,"href":"https:\/\/xxl.geek-tonic.dev\/de\/wp-json\/wp\/v2\/tags?post=64729"}],"curies":[{"name":"wp","href":"https:\/\/api.w.org\/{rel}","templated":true}]}}